{"id":1273,"date":"2023-07-10T19:22:00","date_gmt":"2023-07-10T22:22:00","guid":{"rendered":"https:\/\/maeterra.org.br\/?page_id=1273"},"modified":"2024-03-11T22:31:49","modified_gmt":"2024-03-12T01:31:49","slug":"todos-os-projetos","status":"publish","type":"page","link":"https:\/\/maeterra.org.br\/index.php\/todos-os-projetos\/","title":{"rendered":"Todos os projetos"},"content":{"rendered":"\t\t<div data-elementor-type=\"wp-page\" data-elementor-id=\"1273\" class=\"elementor elementor-1273\">\n\t\t\t\t\t\t<div class=\"elementor-inner\">\n\t\t\t\t<div class=\"elementor-section-wrap\">\n\t\t\t\t\t\t\t<div class=\"elementor-element elementor-element-599c6a6 e-con-boxed e-con\" data-id=\"599c6a6\" data-element_type=\"container\" data-settings=\"{&quot;content_width&quot;:&quot;boxed&quot;,&quot;ekit_has_onepagescroll_dot&quot;:&quot;yes&quot;}\">\n\t\t\t\t\t<div class=\"e-con-inner\">\n\t\t\t\t<div class=\"elementor-element elementor-element-d7616ff elementor-widget elementor-widget-image\" data-id=\"d7616ff\" data-element_type=\"widget\" data-settings=\"{&quot;ekit_we_effect_on&quot;:&quot;none&quot;}\" data-widget_type=\"image.default\">\n\t\t\t\t<div class=\"elementor-widget-container\">\n\t\t\t\t\t\t\t\t<div class=\"elementor-image\">\n\t\t\t\t\t\t\t\t\t\t\t\t<img decoding=\"async\" width=\"326\" height=\"199\" src=\"https:\/\/maeterra.org.br\/wp-content\/uploads\/2023\/06\/Camada-1.png\" class=\"attachment-large size-large wp-image-996\" alt=\"\" loading=\"lazy\" \/>\t\t\t\t\t\t\t\t\t\t\t\t\t\t<\/div>\n\t\t\t\t\t\t<\/div>\n\t\t\t\t<\/div>\n\t\t\t\t\t<\/div>\n\t\t\t\t<\/div>\n\t\t<div class=\"elementor-element elementor-element-3ca84f4 e-con-boxed e-con\" data-id=\"3ca84f4\" data-element_type=\"container\" data-settings=\"{&quot;content_width&quot;:&quot;boxed&quot;,&quot;ekit_has_onepagescroll_dot&quot;:&quot;yes&quot;}\">\n\t\t\t\t\t<div class=\"e-con-inner\">\n\t\t<div class=\"elementor-element elementor-element-e727521 e-con-full e-con\" data-id=\"e727521\" data-element_type=\"container\" data-settings=\"{&quot;content_width&quot;:&quot;full&quot;,&quot;ekit_has_onepagescroll_dot&quot;:&quot;yes&quot;}\">\n\t\t\t\t<div class=\"elementor-element elementor-element-4c6ddf5 elementor-widget elementor-widget-image\" data-id=\"4c6ddf5\" data-element_type=\"widget\" data-settings=\"{&quot;ekit_we_effect_on&quot;:&quot;none&quot;}\" data-widget_type=\"image.default\">\n\t\t\t\t<div class=\"elementor-widget-container\">\n\t\t\t\t\t\t\t\t<div class=\"elementor-image\">\n\t\t\t\t\t\t\t\t\t\t\t\t<img decoding=\"async\" width=\"1024\" height=\"1024\" src=\"https:\/\/maeterra.org.br\/wp-content\/uploads\/2023\/05\/1-2-1024x1024.png\" class=\"attachment-large size-large wp-image-1220\" alt=\"\" loading=\"lazy\" srcset=\"https:\/\/maeterra.org.br\/wp-content\/uploads\/2023\/05\/1-2-1024x1024.png 1024w, https:\/\/maeterra.org.br\/wp-content\/uploads\/2023\/05\/1-2-300x300.png 300w, https:\/\/maeterra.org.br\/wp-content\/uploads\/2023\/05\/1-2-150x150.png 150w, https:\/\/maeterra.org.br\/wp-content\/uploads\/2023\/05\/1-2-768x768.png 768w, https:\/\/maeterra.org.br\/wp-content\/uploads\/2023\/05\/1-2-1536x1536.png 1536w, https:\/\/maeterra.org.br\/wp-content\/uploads\/2023\/05\/1-2.png 1563w\" sizes=\"(max-width: 1024px) 100vw, 1024px\" \/>\t\t\t\t\t\t\t\t\t\t\t\t\t\t<\/div>\n\t\t\t\t\t\t<\/div>\n\t\t\t\t<\/div>\n\t\t\t\t<\/div>\n\t\t<div class=\"elementor-element elementor-element-36c6d80 e-con-full e-con\" data-id=\"36c6d80\" data-element_type=\"container\" data-settings=\"{&quot;content_width&quot;:&quot;full&quot;,&quot;ekit_has_onepagescroll_dot&quot;:&quot;yes&quot;}\">\n\t\t\t\t<div class=\"elementor-element elementor-element-2621df7 elementor-widget elementor-widget-image\" data-id=\"2621df7\" data-element_type=\"widget\" data-settings=\"{&quot;ekit_we_effect_on&quot;:&quot;none&quot;}\" data-widget_type=\"image.default\">\n\t\t\t\t<div class=\"elementor-widget-container\">\n\t\t\t\t\t\t\t\t<div class=\"elementor-image\">\n\t\t\t\t\t\t\t\t\t\t\t\t<img decoding=\"async\" width=\"1024\" height=\"1024\" src=\"https:\/\/maeterra.org.br\/wp-content\/uploads\/2023\/05\/2-2-1024x1024.png\" class=\"attachment-large size-large wp-image-1221\" alt=\"\" loading=\"lazy\" srcset=\"https:\/\/maeterra.org.br\/wp-content\/uploads\/2023\/05\/2-2-1024x1024.png 1024w, https:\/\/maeterra.org.br\/wp-content\/uploads\/2023\/05\/2-2-300x300.png 300w, https:\/\/maeterra.org.br\/wp-content\/uploads\/2023\/05\/2-2-150x150.png 150w, https:\/\/maeterra.org.br\/wp-content\/uploads\/2023\/05\/2-2-768x768.png 768w, https:\/\/maeterra.org.br\/wp-content\/uploads\/2023\/05\/2-2-1536x1536.png 1536w, https:\/\/maeterra.org.br\/wp-content\/uploads\/2023\/05\/2-2.png 1563w\" sizes=\"(max-width: 1024px) 100vw, 1024px\" \/>\t\t\t\t\t\t\t\t\t\t\t\t\t\t<\/div>\n\t\t\t\t\t\t<\/div>\n\t\t\t\t<\/div>\n\t\t\t\t<\/div>\n\t\t<div class=\"elementor-element elementor-element-52d5b90 e-con-full e-con\" data-id=\"52d5b90\" data-element_type=\"container\" data-settings=\"{&quot;content_width&quot;:&quot;full&quot;,&quot;ekit_has_onepagescroll_dot&quot;:&quot;yes&quot;}\">\n\t\t\t\t<div class=\"elementor-element elementor-element-c51a66d elementor-widget elementor-widget-image\" data-id=\"c51a66d\" data-element_type=\"widget\" data-settings=\"{&quot;ekit_we_effect_on&quot;:&quot;none&quot;}\" data-widget_type=\"image.default\">\n\t\t\t\t<div class=\"elementor-widget-container\">\n\t\t\t\t\t\t\t\t<div class=\"elementor-image\">\n\t\t\t\t\t\t\t\t\t\t\t\t<img decoding=\"async\" width=\"1024\" height=\"1024\" src=\"https:\/\/maeterra.org.br\/wp-content\/uploads\/2023\/05\/3-2-1024x1024.png\" class=\"attachment-large size-large wp-image-1222\" alt=\"\" loading=\"lazy\" srcset=\"https:\/\/maeterra.org.br\/wp-content\/uploads\/2023\/05\/3-2-1024x1024.png 1024w, https:\/\/maeterra.org.br\/wp-content\/uploads\/2023\/05\/3-2-300x300.png 300w, https:\/\/maeterra.org.br\/wp-content\/uploads\/2023\/05\/3-2-150x150.png 150w, https:\/\/maeterra.org.br\/wp-content\/uploads\/2023\/05\/3-2-768x768.png 768w, https:\/\/maeterra.org.br\/wp-content\/uploads\/2023\/05\/3-2-1536x1536.png 1536w, https:\/\/maeterra.org.br\/wp-content\/uploads\/2023\/05\/elementor\/thumbs\/3-2-q985058zpeyaeu16cs9yheelprngbxr7g46aiewbp6.png 25w, https:\/\/maeterra.org.br\/wp-content\/uploads\/2023\/05\/elementor\/thumbs\/3-2-q98505900dnebc2lyihr0f46z3pczvk4x2bl1rimpg.png 50w, https:\/\/maeterra.org.br\/wp-content\/uploads\/2023\/05\/elementor\/thumbs\/3-2-q9850590mb1m4c5h5yxc2gjdhrt6br5zuym64gr8q0.png 100w, https:\/\/maeterra.org.br\/wp-content\/uploads\/2023\/05\/3-2.png 1563w\" sizes=\"(max-width: 1024px) 100vw, 1024px\" \/>\t\t\t\t\t\t\t\t\t\t\t\t\t\t<\/div>\n\t\t\t\t\t\t<\/div>\n\t\t\t\t<\/div>\n\t\t\t\t<\/div>\n\t\t<div class=\"elementor-element elementor-element-386cf4c e-con-full e-con\" data-id=\"386cf4c\" data-element_type=\"container\" data-settings=\"{&quot;content_width&quot;:&quot;full&quot;,&quot;ekit_has_onepagescroll_dot&quot;:&quot;yes&quot;}\">\n\t\t\t\t<div class=\"elementor-element elementor-element-eae1121 elementor-widget elementor-widget-image\" data-id=\"eae1121\" data-element_type=\"widget\" data-settings=\"{&quot;ekit_we_effect_on&quot;:&quot;none&quot;}\" data-widget_type=\"image.default\">\n\t\t\t\t<div class=\"elementor-widget-container\">\n\t\t\t\t\t\t\t\t<div class=\"elementor-image\">\n\t\t\t\t\t\t\t\t\t\t\t\t<img decoding=\"async\" width=\"1024\" height=\"1024\" src=\"https:\/\/maeterra.org.br\/wp-content\/uploads\/2023\/05\/4-2-1024x1024.png\" class=\"attachment-large size-large wp-image-1223\" alt=\"\" loading=\"lazy\" srcset=\"https:\/\/maeterra.org.br\/wp-content\/uploads\/2023\/05\/4-2-1024x1024.png 1024w, https:\/\/maeterra.org.br\/wp-content\/uploads\/2023\/05\/4-2-300x300.png 300w, https:\/\/maeterra.org.br\/wp-content\/uploads\/2023\/05\/4-2-150x150.png 150w, https:\/\/maeterra.org.br\/wp-content\/uploads\/2023\/05\/4-2-768x768.png 768w, https:\/\/maeterra.org.br\/wp-content\/uploads\/2023\/05\/4-2-1536x1536.png 1536w, https:\/\/maeterra.org.br\/wp-content\/uploads\/2023\/05\/4-2.png 1563w\" sizes=\"(max-width: 1024px) 100vw, 1024px\" \/>\t\t\t\t\t\t\t\t\t\t\t\t\t\t<\/div>\n\t\t\t\t\t\t<\/div>\n\t\t\t\t<\/div>\n\t\t\t\t<\/div>\n\t\t\t\t\t<\/div>\n\t\t\t\t<\/div>\n\t\t<div class=\"elementor-element elementor-element-3ecf6cc e-con-boxed e-con\" data-id=\"3ecf6cc\" data-element_type=\"container\" data-settings=\"{&quot;content_width&quot;:&quot;boxed&quot;,&quot;ekit_has_onepagescroll_dot&quot;:&quot;yes&quot;}\">\n\t\t\t\t\t<div class=\"e-con-inner\">\n\t\t\t\t<div class=\"elementor-element elementor-element-5a45be6 elementor-widget elementor-widget-text-editor\" data-id=\"5a45be6\" data-element_type=\"widget\" id=\"ater\" data-settings=\"{&quot;ekit_we_effect_on&quot;:&quot;none&quot;}\" data-widget_type=\"text-editor.default\">\n\t\t\t\t<div class=\"elementor-widget-container\">\n\t\t\t\t\t\t\t\t<div class=\"elementor-text-editor elementor-clearfix\">\n\t\t\t\t<p><strong>Experi\u00eancia 01 \u2013 LARANJA ARRANJOS PRODUTIVOS<\/strong><\/p><p>Programa\/Projeto\/A\u00e7\u00e3o: Servi\u00e7o de Assist\u00eancia T\u00e9cnica e Extens\u00e3o Rural ao Projeto Bahia Produtiva nos Territ\u00f3rios de Identidade Costa do Descobrimento, Extremo Sul e Litoral Sul.<\/p><p>Objetivo: Prestar servi\u00e7os de Assist\u00eancia T\u00e9cnica e Extens\u00e3o Rural \u2013 ATER (visitas, encontros, oficinas e semin\u00e1rios)<\/p><p><strong>Per\u00edodo de Execu\u00e7\u00e3o: 17\/08\/2018 a 30\/06\/2023<\/strong><\/p><p>Institui\u00e7\u00e3o Parceira\/Apoiadora:\u00a0 Companhia de Desenvolvimento e A\u00e7\u00e3o Regional do Estado da Bahia \u2013 CAR \/ Secretaria de Desenvolvimento Rural da Bahia (SDR\/BA).<\/p><p>P\u00fablico atendido: 18 associa\u00e7\u00f5es e 02 cooperativas de agricultores\/ras familiares<\/p><p>Abrang\u00eancia: Alcoba\u00e7a, Camacan, Eun\u00e1polis, Guaratinga, Itagimirim, Itamaraju, Jucuru\u00e7u, Pau Brasil, Porto Seguro, Prado, Santa Cruz Cabr\u00e1lia e Teixeira de Freitas, Territ\u00f3rios Costa do Descobrimento, Extremo Sul e Litoral Sul.<\/p><p>Resultados Esperados\/Alcan\u00e7ados: 20 subprojetos produtivos sendo orientados tecnicamente at\u00e9 2023.<\/p><div>\u00a0<\/div>\t\t\t\t\t<\/div>\n\t\t\t\t\t\t<\/div>\n\t\t\t\t<\/div>\n\t\t\t\t<div class=\"elementor-element elementor-element-b830a52 elementor-widget elementor-widget-text-editor\" data-id=\"b830a52\" data-element_type=\"widget\" data-settings=\"{&quot;ekit_we_effect_on&quot;:&quot;none&quot;}\" data-widget_type=\"text-editor.default\">\n\t\t\t\t<div class=\"elementor-widget-container\">\n\t\t\t\t\t\t\t\t<div class=\"elementor-text-editor elementor-clearfix\">\n\t\t\t\t<p><strong style=\"text-align: var(--text-align); font-size: 16.0016px;\">Experi\u00eancia 02 \u2013 AZUL EXPERI\u00caNCIA EM REDE<\/strong><\/p><p>Programa\/Projeto\/A\u00e7\u00e3o: Miss\u00e3o em Foco<\/p><p>Objetivo: Disponibilizar recursos flex\u00edveis e adequados \u00e0s necessidades de cada organiza\u00e7\u00e3o da sociedade civil selecionada, al\u00e9m de oportunidades de forma\u00e7\u00e3o e instrumentos de monitoramento e avalia\u00e7\u00e3o.<\/p><p>Per\u00edodo de Execu\u00e7\u00e3o: 2019 a 2023<\/p><p>Institui\u00e7\u00e3o Parceira\/Apoiadora: Funda\u00e7\u00e3o Ita\u00fa para a Educa\u00e7\u00e3o e Cultura (Ita\u00fa Social)<\/p><p>P\u00fablico atendido: 13 organiza\u00e7\u00f5es da sociedade civil (OSCs) selecionadas para participar do Programa (Grupo 2)<\/p><p>Abrang\u00eancia: Territ\u00f3rio Nacional<\/p><p>Resultados Esperados\/Alcan\u00e7ados: sustentabilidade, fortalecimento e gest\u00e3o das OSCs.<\/p>\t\t\t\t\t<\/div>\n\t\t\t\t\t\t<\/div>\n\t\t\t\t<\/div>\n\t\t\t\t<div class=\"elementor-element elementor-element-d7ef809 elementor-widget elementor-widget-text-editor\" data-id=\"d7ef809\" data-element_type=\"widget\" id=\"qualifica\" data-settings=\"{&quot;ekit_we_effect_on&quot;:&quot;none&quot;}\" data-widget_type=\"text-editor.default\">\n\t\t\t\t<div class=\"elementor-widget-container\">\n\t\t\t\t\t\t\t\t<div class=\"elementor-text-editor elementor-clearfix\">\n\t\t\t\t<p><strong style=\"text-align: var(--text-align); font-size: 16.0016px;\">Experi\u00eancia 03 \u2013 AMARELO GEST\u00c3O DO CONHECIMENTO<\/strong><\/p><p>Programa\/Projeto\/A\u00e7\u00e3o: Qualifica Bahia<\/p><p>Objetivo: Promover a capacita\u00e7\u00e3o social e profissional de trabalhadores\/as, possibilitando a qualifica\u00e7\u00e3o social e profissional de 900 (novecentas) pessoas em 21 munic\u00edpios dos Territ\u00f3rios de Identidade Costa do Descobrimento e Extremo Sul da Bahia (Bloco 2\/Lote 3), atrav\u00e9s de 45 turmas distribu\u00eddas em 23 tipos de cursos, sendo cada turma composta por 20 educandos.<\/p><p>Per\u00edodo de Execu\u00e7\u00e3o: 24\/05\/2022 at\u00e9 24\/05\/2023<\/p><p>Institui\u00e7\u00e3o Parceira\/Apoiadora:\u00a0 Secretaria de Trabalho, Emprego, Renda e Esporte do Governo da Bahia (SETRE\/BA), em parceria com o Governo Federal.<\/p><p>P\u00fablico atendido: desempregados, sob risco de desemprego ou que buscam atualiza\u00e7\u00e3o profissional, visando inser\u00e7\u00e3o e\/ou reinser\u00e7\u00e3o no mundo do trabalho.<\/p><p>Abrang\u00eancia: oito (8) munic\u00edpios do Territ\u00f3rio de Identidade Costa do Descobrimento (Belmonte, Eun\u00e1polis, Guaratinga, Itabela, Itagimirim, Itapebi, Santa Cruz Cabr\u00e1lia, Porto Seguro); treze (13) munic\u00edpios do Territ\u00f3rio de Identidade Extremo Sul (Alcoba\u00e7a, Itamaraju, Caravelas, Ibirapu\u00e3, Itanh\u00e9m, Jucuru\u00e7u, Lajed\u00e3o, Medeiros Neto, Mucuri, Nova Vi\u00e7osa, Vereda, Prado e Teixeira de Freitas).<\/p><p>Resultados Esperados\/Alcan\u00e7ados:\u00a0 900 (novecentas) pessoas certificadas<\/p><p>Segue resumo dos projetos em execu\u00e7\u00e3o para carrossel no site. Comecei a escolher as fotos, mas acredito que voc\u00ea fa\u00e7a isso melhor.<\/p>\t\t\t\t\t<\/div>\n\t\t\t\t\t\t<\/div>\n\t\t\t\t<\/div>\n\t\t\t\t<div class=\"elementor-element elementor-element-81c7a42 elementor-widget elementor-widget-text-editor\" data-id=\"81c7a42\" data-element_type=\"widget\" id=\"agro\" data-settings=\"{&quot;ekit_we_effect_on&quot;:&quot;none&quot;}\" data-widget_type=\"text-editor.default\">\n\t\t\t\t<div class=\"elementor-widget-container\">\n\t\t\t\t\t\t\t\t<div class=\"elementor-text-editor elementor-clearfix\">\n\t\t\t\t<p><strong style=\"text-align: var(--text-align); font-size: 16.0016px;\">Experi\u00eancia 04 &#8211;\u00a0 LARANJA ARRANJOS PRODUTIVOS<\/strong><\/p><p>Programa\/Projeto\/A\u00e7\u00e3o: Conex\u00e3o Agroecol\u00f3gica: empregos verdes para um futuro poss\u00edvel<\/p><p>Objetivo: Promover o aumento da capacidade de inclus\u00e3o socioprodutiva, associada ao aumento da percep\u00e7\u00e3o ambiental positiva, de aproximadamente 160 pessoas (10 lideran\u00e7as multiplicadoras e 150 agricultores\/ras), em trabalhos\/atividades que colaborem para a preserva\u00e7\u00e3o, restaura\u00e7\u00e3o ou valoriza\u00e7\u00e3o da natureza do Territ\u00f3rio de Identidade Costa do Descobrimento.<\/p><p>Per\u00edodo de Execu\u00e7\u00e3o: 06\/06\/2022 at\u00e9 06\/06\/2023<\/p><p>Institui\u00e7\u00e3o Parceira\/Apoiadora:\u00a0 Secretaria de Trabalho, Emprego, Renda e Esporte do Governo da Bahia (SETRE\/BA) \/ Fundo Estadual do Trabalho Decente (FUNTRAD)<\/p><p>P\u00fablico atendido: trabalhadores\/as (incluindo mulheres chefas de fam\u00edlias monoparentais, juventude, pessoas resgatadas do trabalho an\u00e1logo ao escravo, ind\u00edgenas, trabalhadores desalentados, trabalhadores desempregados em raz\u00e3o de extin\u00e7\u00e3o de postos de trabalho na regi\u00e3o, povos e comunidades tradicionais) de empreendimentos de diversos portes, prioritariamente pequenos, anteriormente mapeados pelo IMT, sendo alguns deles j\u00e1 contemplados em a\u00e7\u00f5es anteriormente realizadas, inclusive em parceria com a SETRE.<\/p><p>Abrang\u00eancia: Eun\u00e1polis, Porto Seguro e Santa Cruz Cabr\u00e1lia (BA), Territ\u00f3rio de Identidade Costa do Descobrimento.<\/p><p>Resultados Esperados\/Alcan\u00e7ados:\u00a0 redu\u00e7\u00e3o da m\u00e3o-de-obra ociosa em terras de plantio subaproveitadas, a partir do conhecimento de manejo adequado de res\u00edduos, \u00e1gua e solo.<\/p>\t\t\t\t\t<\/div>\n\t\t\t\t\t\t<\/div>\n\t\t\t\t<\/div>\n\t\t\t\t<div class=\"elementor-element elementor-element-9da9fa4 elementor-widget elementor-widget-text-editor\" data-id=\"9da9fa4\" data-element_type=\"widget\" id=\"alimentacao\" data-settings=\"{&quot;ekit_we_effect_on&quot;:&quot;none&quot;}\" data-widget_type=\"text-editor.default\">\n\t\t\t\t<div class=\"elementor-widget-container\">\n\t\t\t\t\t\t\t\t<div class=\"elementor-text-editor elementor-clearfix\">\n\t\t\t\t<p><strong style=\"text-align: var(--text-align); font-size: 16.0016px;\">Experi\u00eancia 05 &#8211; LARANJA ARRANJOS PRODUTIVOS<\/strong><\/p><p>Programa\/Projeto\/A\u00e7\u00e3o: Alimenta\u00e7\u00e3o e Sa\u00fade para o Bem Viver \u2013 Reaplica\u00e7\u00e3o de Solu\u00e7\u00e3o GT2030<\/p><p>Objetivo: Promo\u00e7\u00e3o da seguran\u00e7a alimentar e nutricional em uma comunidade rural do munic\u00edpio de Santa Cruz Cabr\u00e1lia (BA), atrav\u00e9s do incentivo \u00e0 produ\u00e7\u00e3o e consumo de produtos da sociobiodiversidade local e de plantas aliment\u00edcias n\u00e3o convencionais e medicinais, com a\u00e7\u00f5es de sensibiliza\u00e7\u00e3o, forma\u00e7\u00e3o, implanta\u00e7\u00e3o de unidade demonstrativa e assist\u00eancia t\u00e9cnica, voltadas \u00e0 difus\u00e3o da alimenta\u00e7\u00e3o e nutri\u00e7\u00e3o como um direito de todos.<\/p><p>Per\u00edodo de Execu\u00e7\u00e3o: 18\/07\/2022 at\u00e9 18\/01\/2024<\/p><p>Institui\u00e7\u00e3o Parceira\/Apoiadora: Associa\u00e7\u00e3o Brazil Foundation<\/p><p>P\u00fablico atendido: agricultores\/as familiares do territ\u00f3rio, especialmente aqueles\/as pertencentes a povos e comunidades tradicionais e assentamentos da reforma agr\u00e1ria, que apresentam risco de inseguran\u00e7a alimentar.<\/p><p>Abrang\u00eancia: Comunidade Rio do Sul, Santa Cruz Cabr\u00e1lia (BA), Territ\u00f3rio de Identidade Costa do Descobrimento.<\/p><p>Resultados Esperados\/Alcan\u00e7ados: Agricultores\/as familiares sensibilizados, que passar\u00e3o a produzir alimentos para sustento e consumo familiar; Agricultores\/as que reconhecer\u00e3o o valor nutricional dos alimentos que produzem e\/ou produzir\u00e3o em seus quintais e espa\u00e7os coletivos; Agricultores\/as que passar\u00e3o a perceber o diferencial e valor de seus produtos em compara\u00e7\u00e3o aos produtos oriundos da agricultura tradicional; Sa\u00fade popular promovida entre os agricultores\/ras, associada \u00e0 pr\u00e1tica da agroecologia, \u00e0 produ\u00e7\u00e3o de PANC\/medicinais e \u00e0 seguran\u00e7a alimentar.<\/p>\t\t\t\t\t<\/div>\n\t\t\t\t\t\t<\/div>\n\t\t\t\t<\/div>\n\t\t\t\t<div class=\"elementor-element elementor-element-df3a3d1 elementor-widget elementor-widget-text-editor\" data-id=\"df3a3d1\" data-element_type=\"widget\" data-settings=\"{&quot;ekit_we_effect_on&quot;:&quot;none&quot;}\" data-widget_type=\"text-editor.default\">\n\t\t\t\t<div class=\"elementor-widget-container\">\n\t\t\t\t\t\t\t\t<div class=\"elementor-text-editor elementor-clearfix\">\n\t\t\t\t<p><strong style=\"text-align: var(--text-align); font-size: 16.0016px;\">Experi\u00eancia 06 &#8211; AZUL EXPERI\u00caNCIA EM REDE<\/strong><\/p><p>Programa\/Projeto\/A\u00e7\u00e3o: Redes em Foco<\/p><p>Objetivo: fortalecimento de Redes de OSCs de um mesmo munic\u00edpio para reduzir desigualdades educacionais de crian\u00e7as e adolescentes.<\/p><p>Per\u00edodo de Execu\u00e7\u00e3o: 20\/07\/2022 at\u00e9 31\/10\/2022<\/p><p>Institui\u00e7\u00e3o Parceira\/Apoiadora: Funda\u00e7\u00e3o Ita\u00fa para a Educa\u00e7\u00e3o e Cultura (Ita\u00fa Social)<\/p><p>P\u00fablico atendido: organiza\u00e7\u00f5es da sociedade civil (OSCs) selecionadas para participar do Programa<\/p><p>Abrang\u00eancia: Ilh\u00e9us (BA), Territ\u00f3rio de Identidade Litoral Sul<\/p><p>Resultados Esperados\/Alcan\u00e7ados: diagn\u00f3stico social participativo elaborado<\/p>\t\t\t\t\t<\/div>\n\t\t\t\t\t\t<\/div>\n\t\t\t\t<\/div>\n\t\t\t\t<div class=\"elementor-element elementor-element-e706bb8 elementor-widget elementor-widget-text-editor\" data-id=\"e706bb8\" data-element_type=\"widget\" data-settings=\"{&quot;ekit_we_effect_on&quot;:&quot;none&quot;}\" data-widget_type=\"text-editor.default\">\n\t\t\t\t<div class=\"elementor-widget-container\">\n\t\t\t\t\t\t\t\t<div class=\"elementor-text-editor elementor-clearfix\">\n\t\t\t\t<p><strong style=\"text-align: var(--text-align); font-size: 16.0016px;\">Experi\u00eancia 07 &#8211; LARANJA ARRANJOS PRODUTIVOS<\/strong><\/p><p>Programa\/Projeto\/A\u00e7\u00e3o: Alimenta\u00e7\u00e3o e Sa\u00fade para o Bem Viver &#8211; Reaplica\u00e7\u00e3o de Solu\u00e7\u00e3o GT2030<\/p><p>Objetivo: Promo\u00e7\u00e3o da seguran\u00e7a alimentar e nutricional no munic\u00edpio de Ilh\u00e9us (BA), atrav\u00e9s do incentivo \u00e0 produ\u00e7\u00e3o e consumo de produtos da sociobiodiversidade local e de plantas aliment\u00edcias n\u00e3o convencionais e medicinais, com a\u00e7\u00f5es de sensibiliza\u00e7\u00e3o, forma\u00e7\u00e3o, implanta\u00e7\u00e3o de unidade demonstrativa e assist\u00eancia t\u00e9cnica, voltadas \u00e0 difus\u00e3o da alimenta\u00e7\u00e3o e nutri\u00e7\u00e3o como um direito de todos.<\/p><p>Per\u00edodo de Execu\u00e7\u00e3o: 03\/11\/2022 at\u00e9 15\/02\/2024<\/p><p>Institui\u00e7\u00e3o Parceira\/Apoiadora: Funda\u00e7\u00e3o Cargill<\/p><p>P\u00fablico atendido: Agricultores familiares do munic\u00edpio de Ilh\u00e9us (BA), especialmente aqueles\/as pertencentes a povos e comunidades tradicionais e assentamentos da reforma agr\u00e1ria, que apresentam risco de inseguran\u00e7a alimentar.<\/p><p>Abrang\u00eancia: uma comunidade do munic\u00edpio de Ilh\u00e9us (BA), Territ\u00f3rio de Identidade Litoral Sul.<\/p><p>Resultados Esperados\/Alcan\u00e7ados: Agricultores\/as familiares sensibilizados, que passar\u00e3o a produzir alimentos para sustento e consumo familiar; Agricultores\/as que reconhecer\u00e3o o valor nutricional dos alimentos que produzem e\/ou produzir\u00e3o em seus quintais e espa\u00e7os coletivos; Agricultores\/as que passar\u00e3o a perceber o diferencial e valor de seus produtos em compara\u00e7\u00e3o aos produtos oriundos da agricultura tradicional; Sa\u00fade popular promovida entre os agricultores\/ras, associada \u00e0 pr\u00e1tica da agroecologia, \u00e0 produ\u00e7\u00e3o de PANC\/medicinais e \u00e0 seguran\u00e7a alimentar.<\/p>\t\t\t\t\t<\/div>\n\t\t\t\t\t\t<\/div>\n\t\t\t\t<\/div>\n\t\t\t\t<div class=\"elementor-element elementor-element-08e20a8 elementor-widget elementor-widget-text-editor\" data-id=\"08e20a8\" data-element_type=\"widget\" id=\"origens\" data-settings=\"{&quot;ekit_we_effect_on&quot;:&quot;none&quot;}\" data-widget_type=\"text-editor.default\">\n\t\t\t\t<div class=\"elementor-widget-container\">\n\t\t\t\t\t\t\t\t<div class=\"elementor-text-editor elementor-clearfix\">\n\t\t\t\t<p><strong style=\"text-align: var(--text-align); font-size: 16.0016px;\">Experi\u00eancia 08 &#8211; LARANJA ARRANJOS PRODUTIVOS<\/strong><\/p><p>Programa\/Projeto\/A\u00e7\u00e3o: ORIGEM: de volta \u00e0s ra\u00edzes<\/p><p>Objetivo: Implementar a\u00e7\u00f5es voltadas \u00e0 restaura\u00e7\u00e3o da Mata Atl\u00e2ntica em 47,14 hectares de 07 propriedades de agricultores familiares da Comunidade Rio do Sul, Munic\u00edpio de Santa Cruz Cabr\u00e1lia (IDHM 0,654), Costa do Descobrimento (BA), atrav\u00e9s de t\u00e9cnicas e manejos sustent\u00e1veis do solo, da \u00e1gua e da floresta.<\/p><p>Per\u00edodo de Execu\u00e7\u00e3o: 04\/11\/2022 at\u00e9 03\/11\/2024<\/p><p>Institui\u00e7\u00e3o Parceira\/Apoiadora: INOVALAND INVESTMENT LIMITED \/ Fundo Ambiental Sul Baiano (FASB)<\/p><p>P\u00fablico atendido: agricultores\/ras familiares de 13 unidades produtivas familiares<\/p><p>Abrang\u00eancia: sete (7) propriedades rurais da Comunidade Rio do Sul, Santa Cruz Cabr\u00e1lia (BA)<\/p><p>Resultados Esperados\/Alcan\u00e7ados: 47,14 hectares de Mata Atl\u00e2ntica restaurados.<\/p>\t\t\t\t\t<\/div>\n\t\t\t\t\t\t<\/div>\n\t\t\t\t<\/div>\n\t\t\t\t<div class=\"elementor-element elementor-element-96d2398 elementor-widget elementor-widget-text-editor\" data-id=\"96d2398\" data-element_type=\"widget\" id=\"juventude\" data-settings=\"{&quot;ekit_we_effect_on&quot;:&quot;none&quot;}\" data-widget_type=\"text-editor.default\">\n\t\t\t\t<div class=\"elementor-widget-container\">\n\t\t\t\t\t\t\t\t<div class=\"elementor-text-editor elementor-clearfix\">\n\t\t\t\t<p><strong style=\"text-align: var(--text-align); font-size: 16.0016px;\">Experi\u00eancia 09 \u2013 VERDE \u2013 DESENVOLVIMENTO INTEGRAL<\/strong><\/p><p>Programa\/Projeto\/A\u00e7\u00e3o: JUVENTUDE N\u2019ATIVA: Beleza e Est\u00e9tica na Costa do Descobrimento.<\/p><p>Objetivo: Inserir no mundo do trabalho 70% das 40 pessoas atendidas pelo projeto, por meio de qualifica\u00e7\u00e3o socioprofissional na \u00e1rea de Beleza e Est\u00e9tica, atrav\u00e9s do Curso de Design de Sobrancelhas, Maquiagem, e Limpeza de Pele, com carga hor\u00e1ria total de 248 horas, associado \u00e0 melhoria da autoestima e autonomia dos\/as participantes.<\/p><p>Per\u00edodo de Execu\u00e7\u00e3o: 02\/05\/2023 at\u00e9 22\/12\/2023.<\/p><p>Institui\u00e7\u00e3o Parceira\/Apoiadora: Instituto Cooperforte<\/p><p>P\u00fablico atendido: Jovens de 18 a 40 anos, em situa\u00e7\u00e3o de vulnerabilidade socioecon\u00f4mica, com renda familiar de at\u00e9 tr\u00eas sal\u00e1rios-m\u00ednimos, com a meta de inserir 70% dos atendidos no mundo do trabalho.<\/p><p>Abrang\u00eancia: Complexo Frei Calixto, munic\u00edpio de Porto Seguro, Territ\u00f3rio de Identidade Costa do Descobrimento.<\/p><p>Resultados Esperados\/Alcan\u00e7ados: Certificar profissionalmente 95% dos atendidos e inserir 70% no mundo do trabalho.<\/p><div>\u00a0<\/div>\t\t\t\t\t<\/div>\n\t\t\t\t\t\t<\/div>\n\t\t\t\t<\/div>\n\t\t\t\t\t<\/div>\n\t\t\t\t<\/div>\n\t\t\t\t\t\t\t\t\t<\/div>\n\t\t\t<\/div>\n\t\t\t\t\t<\/div>\n\t\t","protected":false},"excerpt":{"rendered":"<p>Experi\u00eancia 01 \u2013 LARANJA ARRANJOS PRODUTIVOS Programa\/Projeto\/A\u00e7\u00e3o: Servi\u00e7o de Assist\u00eancia T\u00e9cnica e Extens\u00e3o Rural ao Projeto Bahia Produtiva nos Territ\u00f3rios de Identidade Costa do Descobrimento, Extremo Sul e Litoral Sul. Objetivo: Prestar servi\u00e7os de Assist\u00eancia T\u00e9cnica e Extens\u00e3o Rural \u2013 ATER (visitas, encontros, oficinas e semin\u00e1rios) Per\u00edodo de Execu\u00e7\u00e3o: 17\/08\/2018 a 30\/06\/2023 Institui\u00e7\u00e3o Parceira\/Apoiadora:\u00a0 Companhia [&hellip;]<\/p>\n","protected":false},"author":1,"featured_media":0,"parent":0,"menu_order":0,"comment_status":"closed","ping_status":"closed","template":"","meta":[],"_links":{"self":[{"href":"https:\/\/maeterra.org.br\/index.php\/wp-json\/wp\/v2\/pages\/1273"}],"collection":[{"href":"https:\/\/maeterra.org.br\/index.php\/wp-json\/wp\/v2\/pages"}],"about":[{"href":"https:\/\/maeterra.org.br\/index.php\/wp-json\/wp\/v2\/types\/page"}],"author":[{"embeddable":true,"href":"https:\/\/maeterra.org.br\/index.php\/wp-json\/wp\/v2\/users\/1"}],"replies":[{"embeddable":true,"href":"https:\/\/maeterra.org.br\/index.php\/wp-json\/wp\/v2\/comments?post=1273"}],"version-history":[{"count":53,"href":"https:\/\/maeterra.org.br\/index.php\/wp-json\/wp\/v2\/pages\/1273\/revisions"}],"predecessor-version":[{"id":1559,"href":"https:\/\/maeterra.org.br\/index.php\/wp-json\/wp\/v2\/pages\/1273\/revisions\/1559"}],"wp:attachment":[{"href":"https:\/\/maeterra.org.br\/index.php\/wp-json\/wp\/v2\/media?parent=1273"}],"curies":[{"name":"wp","href":"https:\/\/api.w.org\/{rel}","templated":true}]}}